{"id":397,"date":"2016-11-15T14:34:39","date_gmt":"2016-11-15T14:34:39","guid":{"rendered":"http:\/\/florestasilenciosa.ambiental.media\/?page_id=397"},"modified":"2017-06-25T12:57:40","modified_gmt":"2017-06-25T12:57:40","slug":"fogo-na-amazonia","status":"publish","type":"page","link":"https:\/\/florestasilenciosa.ambiental.media\/en\/fogo-na-amazonia\/","title":{"rendered":"UREPORTED FIRES"},"content":{"rendered":"<p>[spb_image image=&#8221;761&#8243; image_size=&#8221;full&#8221; frame=&#8221;noframe&#8221; caption_pos=&#8221;below&#8221; remove_rounded=&#8221;yes&#8221; fullwidth=&#8221;yes&#8221; overflow_mode=&#8221;none&#8221; link_target=&#8221;_self&#8221; lightbox=&#8221;no&#8221; intro_animation=&#8221;none&#8221; animation_delay=&#8221;200&#8243; width=&#8221;1\/1&#8243; el_position=&#8221;first last&#8221;][\/spb_image] [spb_text_block animation=&#8221;none&#8221; animation_delay=&#8221;0&#8243; simplified_controls=&#8221;no&#8221; custom_css_percentage=&#8221;no&#8221; padding_vertical=&#8221;0&#8243; padding_horizontal=&#8221;0&#8243; margin_vertical=&#8221;0&#8243; custom_css=&#8221;margin-top: 0px;margin-bottom: 0px;&#8221; border_size=&#8221;0&#8243; border_styling_global=&#8221;default&#8221; width=&#8221;1\/1&#8243; el_position=&#8221;first last&#8221;]<\/p>\n<h6 style=\"text-align: center;\">On the outskirts of the Tapaj\u00f3s National Forest, between Santar\u00e9m (PA) and Belterra (PA), the ashen floor of the burned forest contrasts with the living green of areas which still stand. This image was taken in 2015, a year in which fires were among the most severe in the recent history of the Amazon. \/ Photo: Flavio Forner<\/h6>\n<p>[\/spb_text_block] [spb_row element_name=&#8221;Inc\u00eandios sem not\u00edcia&#8221; wrap_type=&#8221;full-width-contained&#8221; row_bg_type=&#8221;color&#8221; color_row_height=&#8221;content-height&#8221; bg_type=&#8221;cover&#8221; parallax_image_height=&#8221;content-height&#8221; parallax_image_movement=&#8221;fixed&#8221; parallax_image_speed=&#8221;standard&#8221; bg_video_loop=&#8221;yes&#8221; parallax_video_height=&#8221;window-height&#8221; row_top_style=&#8221;none&#8221; row_bottom_style=&#8221;none&#8221; parallax_video_overlay=&#8221;none&#8221; row_overlay_opacity=&#8221;0&#8243; remove_element_spacing=&#8221;no&#8221; row_col_spacing=&#8221;0&#8243; row_col_pos=&#8221;default&#8221; row_col_equal_heights=&#8221;no&#8221; row_expanding=&#8221;no&#8221; row_animation=&#8221;none&#8221; row_animation_delay=&#8221;0&#8243; minimize_row=&#8221;no&#8221; simplified_controls=&#8221;no&#8221; custom_css_percentage=&#8221;no&#8221; custom_css=&#8221;margin-top: 0px;margin-bottom: 0px;padding-bottom: 30px;&#8221; border_styling_global=&#8221;default&#8221; width=&#8221;1\/1&#8243; el_position=&#8221;first last&#8221;] [spb_text_block element_name=&#8221;Inc\u00eandios sem not\u00edcia&#8221; animation=&#8221;none&#8221; animation_delay=&#8221;0&#8243; simplified_controls=&#8221;yes&#8221; custom_css_percentage=&#8221;no&#8221; padding_vertical=&#8221;0&#8243; padding_horizontal=&#8221;0&#8243; margin_vertical=&#8221;0&#8243; custom_css=&#8221;margin-top: 0px;margin-bottom: 0px;&#8221; border_size=&#8221;0&#8243; border_styling_global=&#8221;default&#8221; width=&#8221;1\/1&#8243; el_position=&#8221;first last&#8221;]<\/p>\n<h1>Unreported fires<\/h1>\n<h3 class=\"p1\"><span class=\"s1\"> Wildfires in the Amazon have dangerous accomplices: crime, lack of economic alternatives amongst some of the poorest members of society, legislative inefficiencies and even climate change. Preventative measures are still insufficient and the story of wildfire in the Amazon is largely untold <\/span><\/h3>\n<p>[\/spb_text_block] [spb_text_block animation=&#8221;none&#8221; animation_delay=&#8221;0&#8243; simplified_controls=&#8221;yes&#8221; custom_css_percentage=&#8221;no&#8221; padding_vertical=&#8221;0&#8243; padding_horizontal=&#8221;0&#8243; margin_vertical=&#8221;0&#8243; custom_css=&#8221;margin-top: 0px;margin-bottom: 0px;&#8221; border_size=&#8221;0&#8243; border_styling_global=&#8221;default&#8221; width=&#8221;1\/1&#8243; el_position=&#8221;first last&#8221;]<\/p>\n<p class=\"p1\"><span class=\"s1\">It was early in December of 2015 when a few loud fire alarms sounded in the international media. The spark was an internet post signed by researchers Erika Berenguer and Jos Barlow, in the British version of the international science outreach project <a href=\"https:\/\/theconversation.com\/el-nino-fires-are-raging-in-the-amazon-and-were-right-in-the-middle-of-them-51645\" target=\"_blank\" rel=\"noopener noreferrer\"><i>The Conversation<\/i><\/a>. They described bearing witness to hellish scenes. \u201cIn the last five weeks, we\u2019ve been waking up under a thick veil of smoke\u201d, the researchers said. \u201cFor days now we\u2019ve barely seen the sun\u201d, they continue, \u201cour clothes and hair constantly smell of smoke. We are living in the middle of a continuous barbecue in the largest tropical rainforest in the world\u201d, they conclude.<\/span><\/p>\n<p class=\"p1\"><span class=\"s1\">Between September and December 2015, Erika, a rainforest specialist at Lancaster University, in the United Kingdom, and a member of the Sustainable Amazon Network (<i>Rede Amaz\u00f4nia Sustent\u00e1vel, RAS<\/i>), was in the city of Santar\u00e9m (Par\u00e1\/Brazil), one of the areas worst affected by fire outbreaks in the Amazon in 2015. She says she experienced some of the worst times of her life when she saw the forest burn incessantly. \u201cThe local population was suffering from respiratory diseases\u201d, she recalls. \u201cI felt like I was in the movie <i>Bambi<\/i>, when his mother dies. I saw animals fleeing the fire, thousands of insects jumping, burning. Desperate, the animals crossed the road. Those that weren\u2019t burned to death were run over. It was all really heavy\u201d, recalls the researcher, who, when despair peaked, tried countless times to extinguish the flames with her own boots \u2013 all in vain.<\/span><\/p>\n<p class=\"p1\"><span class=\"s1\">Santar\u00e9m was shrouded in smoke between August and November 2015 and again from January to May 2016. During these periods, the satellites used by the NGO Imazon \u2013 which publishes independent and periodical reports with rates and levels of deforestation and forest degradation in the Amazon \u2013 did not detect signs of fire, since the presence of clouds or smoke in the sky blinds the electronic eyes of the satellites. It was only in June of 2016, when researchers from Imazon prepared the report for that period, comparing data from 2015 to those of 2016, that someone noticed something atypical about the fire outbreaks in Santar\u00e9m. OEco, a leading environmental journalism website, investigated the story. In October, it proclaimed that the extent of forest degradation caused by the fires that Erika saw in Santar\u00e9m had surpassed that of deforestation experienced across the entire Brazilian Amazon in 2015.<\/span><\/p>\n<p class=\"p1\"><span class=\"s1\">Across a region encompassing the five municipalities of Santar\u00e9m, Moju\u00ed dos Campos, Uruar\u00e1, Juruti and Belterra, 7,400 km<\/span><span class=\"s2\"><sup>2<\/sup><\/span><span class=\"s1\"> of forest burned \u2013 the equivalent of 740,000 soccer fields. \u201cIt\u2019s larger than anything we&#8217;ve ever seen before in the Amazon\u201d, Imazon researcher Antonio Fonseca, the first to come across the data, told OEco. Erika says she tried, at the time, to disseminate the story. She somewhat succeeded, albeit timidly, in national media coverage. \u201cWe made more of a ruckus in England\u201d, she recalls.<\/span><\/p>\n<p class=\"p1\"><span class=\"s1\">Unlike savannas or some temperate forests, moist tropical rainforests have not evolved to burn. And what the wildfire does not destroy immediately remains degraded for years. Studies have highlighted the slow death of up to half of the trees within three years of a fire outbreak. Science still can\u2019t fully determine how long it would take for total recovery of a forest, or even if it will one day recover. In Santar\u00e9m, the extent of the fire was so great that RAS researchers returned to make a stock-take of biodiversity in November-December 2016. Alexander Lees, a biodiversity expert at Manchester Metropolitan University and a coordinator of RAS: \u201cAfter burning several times, the forest can lose its ability to regenerate, some species may never return\u201d, he laments.<\/span><\/p>\n<p class=\"p1\"><span class=\"s1\">Researchers warn that species that colonize burned areas may not be the same as those that lived there before. This is because some species are less demanding when adapting to a new environment. \u201cThe forest, after the fire, still has plants and birds, but these species tend to be generalists, they survive in the most adverse conditions. With it, a whole range of specialist species are lost, including those that are more rare and that often play key roles in various ecological processes\u201d, explains Erika. The researcher gives the example of vines, which are also abundant in secondary forests, and may give the false impression that the forest is rich in vegetation: \u201cIn truth, they could be preventing the recovery of the trees. It\u2019s a vicious cycle\u201d, she concludes.<\/span><\/p>\n<p>[\/spb_text_block] [\/spb_row] [spb_gallery gallery_id=&#8221;765&#8243; display_type=&#8221;masonry&#8221; columns=&#8221;2&#8243; fullwidth=&#8221;yes&#8221; gutters=&#8221;no&#8221; image_size=&#8221;full&#8221; slider_transition=&#8221;slide&#8221; show_thumbs=&#8221;yes&#8221; autoplay=&#8221;yes&#8221; show_captions=&#8221;no&#8221; enable_lightbox=&#8221;no&#8221; width=&#8221;1\/1&#8243; el_position=&#8221;first last&#8221;] [spb_text_block element_name=&#8221;Legenda galeria&#8221; animation=&#8221;none&#8221; animation_delay=&#8221;0&#8243; simplified_controls=&#8221;no&#8221; custom_css_percentage=&#8221;no&#8221; padding_vertical=&#8221;0&#8243; padding_horizontal=&#8221;0&#8243; margin_vertical=&#8221;0&#8243; custom_css=&#8221;margin-top: 0px;margin-bottom: 0px;&#8221; border_size=&#8221;0&#8243; border_styling_global=&#8221;default&#8221; width=&#8221;1\/1&#8243; el_position=&#8221;first last&#8221;]<\/p>\n<h6 style=\"text-align: center;\">The traditional use of fire in the region as a cost-effective technique to clear forests for pastures and crops makes life difficult for officers from ICMBio, the federal environmental agency. In the dry season, flames advance across conservation units and toxic smoke permeates local communities. \/ Photos: Flavio Forner<\/h6>\n<p>[\/spb_text_block] [spb_row element_name=&#8221;O inc\u00eandio que ningu\u00e9m viu&#8221; wrap_type=&#8221;full-width-contained&#8221; row_bg_type=&#8221;color&#8221; row_bg_color=&#8221;#ffffff&#8221; color_row_height=&#8221;content-height&#8221; bg_type=&#8221;cover&#8221; parallax_image_height=&#8221;content-height&#8221; parallax_image_movement=&#8221;fixed&#8221; parallax_image_speed=&#8221;standard&#8221; bg_video_loop=&#8221;yes&#8221; parallax_video_height=&#8221;window-height&#8221; row_top_style=&#8221;none&#8221; row_bottom_style=&#8221;none&#8221; parallax_video_overlay=&#8221;none&#8221; row_overlay_opacity=&#8221;0&#8243; remove_element_spacing=&#8221;no&#8221; row_col_spacing=&#8221;0&#8243; row_col_pos=&#8221;default&#8221; row_col_equal_heights=&#8221;no&#8221; row_expanding=&#8221;no&#8221; row_animation=&#8221;none&#8221; row_animation_delay=&#8221;0&#8243; minimize_row=&#8221;no&#8221; simplified_controls=&#8221;no&#8221; custom_css_percentage=&#8221;no&#8221; custom_css=&#8221;margin-top: 0px;margin-bottom: 0px;padding-top: 30px;padding-bottom: 30px;&#8221; border_styling_global=&#8221;default&#8221; width=&#8221;1\/1&#8243; el_position=&#8221;first last&#8221;] [spb_text_block element_name=&#8221;Inc\u00eandios sem not\u00edcia&#8221; animation=&#8221;none&#8221; animation_delay=&#8221;0&#8243; simplified_controls=&#8221;yes&#8221; custom_css_percentage=&#8221;no&#8221; padding_vertical=&#8221;0&#8243; padding_horizontal=&#8221;0&#8243; margin_vertical=&#8221;0&#8243; custom_css=&#8221;margin-top: 0px;margin-bottom: 0px;&#8221; border_size=&#8221;0&#8243; border_styling_global=&#8221;default&#8221; width=&#8221;1\/1&#8243; el_position=&#8221;first last&#8221;]<\/p>\n<h1>Putting out fires is just a cover up<\/h1>\n<p>[\/spb_text_block] [spb_text_block animation=&#8221;none&#8221; animation_delay=&#8221;0&#8243; simplified_controls=&#8221;yes&#8221; custom_css_percentage=&#8221;no&#8221; padding_vertical=&#8221;0&#8243; padding_horizontal=&#8221;0&#8243; margin_vertical=&#8221;0&#8243; custom_css=&#8221;margin-top: 0px;margin-bottom: 0px;&#8221; border_size=&#8221;0&#8243; border_styling_global=&#8221;default&#8221; width=&#8221;1\/1&#8243; el_position=&#8221;first last&#8221;]<\/p>\n<p class=\"p1\"><span class=\"s1\">It is estimated that there is a human hand behind virtually every fire in the rainforest. Lighting a match is a matter both of tradition and of cost. Fire has always been used by rural people, all the way back to the region\u2019s indigenous population who used fire to keep their cultivated areas open. Even today it is the only land-clearing tool available for many smallholders. The lack of public policies to aid smallholders to control fires or gain access to alternative techniques for soil preparation is a major problem. To add to this there is a criminal component: when fire is part of an intentional process to degrade the forest. \u201cAfter fire, the forest is disfigured, often to the point where you can barely say it\u2019s still a forest. Then someone will say &#8216;it wasn\u2019t my fault&#8217; and use it as an argument to finish what the fire started and clear the area\u201d, explains Erika.<\/span><\/p>\n<p class=\"p1\"><span class=\"s1\">Degradation begets degradation in a vicious cycle. Forests that have already lost their largest trees have a more open canopy and more sticks and larger pieces of wood build up on the ground. With the forest more exposed, the incidence of sun and wind increases \u2013 drying up the forest. Wood and leaves on the ground act as fuel. Edge effects also play a role in this cycle: forests that share a border with open areas become vulnerable to drying winds, which also allow flames to penetrate more easily. And from time to time the whole degradation process is supported by a strong ally: climate.<\/span><\/p>\n<p>[\/spb_text_block] [spb_blank_spacer height=&#8221;30px&#8221; width=&#8221;1\/1&#8243; el_position=&#8221;first last&#8221;] [spb_text_block animation=&#8221;none&#8221; animation_delay=&#8221;0&#8243; simplified_controls=&#8221;yes&#8221; custom_css_percentage=&#8221;no&#8221; padding_vertical=&#8221;0&#8243; padding_horizontal=&#8221;0&#8243; margin_vertical=&#8221;0&#8243; custom_css=&#8221;margin-top: 0px;margin-bottom: 0px;&#8221; border_size=&#8221;0&#8243; border_styling_global=&#8221;default&#8221; width=&#8221;1\/1&#8243; el_position=&#8221;first last&#8221;]<\/p>\n<h3><strong>Area burned per year in the Amazon biome<\/strong><\/h3>\n<h6>The connection between climate cycles and fire frequency in Amazonia is evident in the chart below: in the years of 2005 and 2015, when the El Ninio climatic phenomena was strong a greater expanse of forest was burned. This synergy is very worrying given that the latest research indicates that dry seasons in the region may become increasingly long and intense.<\/h6>\n<h6 class=\"p1\"><img loading=\"lazy\" decoding=\"async\" class=\"alignnone wp-image-511 size-full\" src=\"http:\/\/florestasilenciosa.ambiental.media\/wp-content\/uploads\/2016\/11\/area-queimada-ano1.gif\" alt=\"area-queimada-ano1\" width=\"1140\" height=\"397\" \/><br \/>\nSource: Inpe (Programa Queimadas) \/ Chart: InfoAmazonia<\/h6>\n<p>[\/spb_text_block] [spb_blank_spacer height=&#8221;30px&#8221; width=&#8221;1\/1&#8243; el_position=&#8221;first last&#8221;] [spb_text_block animation=&#8221;none&#8221; animation_delay=&#8221;0&#8243; simplified_controls=&#8221;yes&#8221; custom_css_percentage=&#8221;no&#8221; padding_vertical=&#8221;0&#8243; padding_horizontal=&#8221;0&#8243; margin_vertical=&#8221;0&#8243; custom_css=&#8221;margin-top: 0px;margin-bottom: 0px;&#8221; border_size=&#8221;0&#8243; border_styling_global=&#8221;default&#8221; width=&#8221;1\/1&#8243; el_position=&#8221;first last&#8221;]<\/p>\n<p class=\"p1\"><span class=\"s1\">2015 was an <i>El Ni\u00f1o<\/i> year, a phenomenon that occurs due to the periodic warming of the waters of the southern Pacific Ocean, a process which influences precipitation and wind patterns worldwide, with vastly different consequences for each region. In the period from 2015 to 2016, the waters of the Atlantic Ocean were also warmer. These changes resulted in an intense drought in Amazonia, a perfect storm of conditions to favor fire. The end result? More than 87,000 fire outbreaks, an increase of 48% compared to 2014 (a non <i>El Ni\u00f1o <\/i>year) and 23% up on 2010 (a year of a medium-sized <i>El Ni\u00f1o<\/i>). Dry seasons in the Amazon are predicted to become longer and more intense as the 21<\/span><span class=\"s2\"><sup>st<\/sup><\/span><span class=\"s1\"> century progresses \u2013 especially if deforestation itself is not curtailed<\/span><\/p>\n<p class=\"p1\"><span class=\"s1\">The constant smoke hanging in the air between 2015 and 2016 led several Amazonian towns to declare a fire-related state of emergency for the first time. In August 2016, the federal government launched the \u201cFire in the woods, loss for good\u201d campaign (<i>Fogo no mato, prejuizo de fato<\/i>), in order to raise awareness of the problem of wildfires among the rural population. Erika&#8217;s experience made it clear to her that fighting fire is not the ideal course of action. \u201cPutting out fires is of limited use\u201d, she says. \u201cIf we believe that droughts are becoming longer-lasting and more frequent, a policy focused solely on firefighting becomes untenable. We have to go for prevention\u201d, says Erika. \u201cIt&#8217;s the same as intercepting small planes used in drug trafficking, when what we need to do is change the whole policy on drugs\u201d, she says.<\/span><\/p>\n<p>[\/spb_text_block] [spb_blank_spacer height=&#8221;30px&#8221; width=&#8221;1\/1&#8243; el_position=&#8221;first last&#8221;] [spb_text_block animation=&#8221;none&#8221; animation_delay=&#8221;0&#8243; simplified_controls=&#8221;yes&#8221; custom_css_percentage=&#8221;no&#8221; padding_vertical=&#8221;0&#8243; padding_horizontal=&#8221;0&#8243; margin_vertical=&#8221;0&#8243; custom_css=&#8221;margin-top: 0px;margin-bottom: 0px;&#8221; border_size=&#8221;0&#8243; border_styling_global=&#8221;default&#8221; width=&#8221;1\/1&#8243; el_position=&#8221;first last&#8221;]<\/p>\n<h3><strong>Area burned (in km\u00b2) per year in Brazilian biomes<\/strong><\/h3>\n<h6>In 2015, when the El Ni\u00f1o phenomenon was very intense, a drier climate and the high incidence of fires in the Amazon outpaced the fire frequency in the Caatinga biome, a naturally arid environment. Degradation and deforestation, coupled with global climate change, may lead to the extreme impoverishment of the forest.<\/h6>\n<h6 class=\"p1\"><img loading=\"lazy\" decoding=\"async\" class=\"aligncenter wp-image-510 size-full\" src=\"http:\/\/florestasilenciosa.ambiental.media\/wp-content\/uploads\/2016\/11\/area-queimada-ano2.gif\" alt=\"area-queimada-ano2\" width=\"1132\" height=\"385\" \/><br \/>\nSource: Inpe (Programa Queimadas) \/ Chart: InfoAmazonia<\/h6>\n<p>[\/spb_text_block] [spb_blank_spacer height=&#8221;30px&#8221; width=&#8221;1\/1&#8243; el_position=&#8221;first last&#8221;] [spb_text_block animation=&#8221;none&#8221; animation_delay=&#8221;0&#8243; simplified_controls=&#8221;yes&#8221; custom_css_percentage=&#8221;no&#8221; padding_vertical=&#8221;0&#8243; padding_horizontal=&#8221;0&#8243; margin_vertical=&#8221;0&#8243; custom_css=&#8221;margin-top: 0px;margin-bottom: 0px;&#8221; border_size=&#8221;0&#8243; border_styling_global=&#8221;default&#8221; width=&#8221;1\/1&#8243; el_position=&#8221;first last&#8221;]<\/p>\n<p class=\"p1\"><span class=\"s1\">\u201cThere is a social issue inherent to this problem\u201d, explains Joice Ferreira, researcher at Embrapa Amaz\u00f4nia Oriental (<i>Embrapa Eastern Amazon<\/i>) and one of the RAS coordinators. \u201cIt\u2019s no use to have laws stating that you can\u2019t start a fire while smallholders see it as the only alternative &#8211; the most viable and cheap way to clear the land. Policies can\u2019t disregard the social and economic context and the lack of options available to local actors. Otherwise it looks very nice on paper, but in reality it won\u2019t be practiced\u201d, she concludes. Jos Barlow, also of RAS, sees in preventing fires an opportunity to unite actors that rarely converge towards shared goals. \u201cAvoiding fire disasters is in everyone\u2019s best interest, lumbermen, small farmers, large farmers, the government and those who live in cities and suffer the consequences of smoke to their health. Wildfire prevention can help us create a common agenda to protect against forest degradation in the Amazon\u201d, concludes Jos.<\/span><\/p>\n<p>[\/spb_text_block] [\/spb_row]<\/p>","protected":false},"excerpt":{"rendered":"<p>[spb_image image=&#8221;761&#8243; image_size=&#8221;full&#8221; frame=&#8221;noframe&#8221; caption_pos=&#8221;below&#8221; remove_rounded=&#8221;yes&#8221; fullwidth=&#8221;yes&#8221; overflow_mode=&#8221;none&#8221; link_target=&#8221;_self&#8221; lightbox=&#8221;no&#8221; intro_animation=&#8221;none&#8221; animation_delay=&#8221;200&#8243; width=&#8221;1\/1&#8243; el_position=&#8221;first last&#8221;][\/spb_image] [spb_text_block animation=&#8221;none&#8221; animation_delay=&#8221;0&#8243; simplified_controls=&#8221;no&#8221; custom_css_percentage=&#8221;no&#8221; padding_vertical=&#8221;0&#8243; padding_horizontal=&#8221;0&#8243; margin_vertical=&#8221;0&#8243; custom_css=&#8221;margin-top: 0px;margin-bottom: 0px;&#8221; border_size=&#8221;0&#8243; border_styling_global=&#8221;default&#8221; width=&#8221;1\/1&#8243; el_position=&#8221;first last&#8221;] On the outskirts of the Tapaj\u00f3s National Forest, between Santar\u00e9m (PA) and Belterra (PA), the ashen floor of the burned forest contrasts with the living green of areas which [&hellip;]<\/p>\n","protected":false},"author":1,"featured_media":0,"parent":0,"menu_order":0,"comment_status":"closed","ping_status":"closed","template":"","meta":{"footnotes":""},"class_list":["post-397","page","type-page","status-publish","hentry"],"_links":{"self":[{"href":"https:\/\/florestasilenciosa.ambiental.media\/en\/wp-json\/wp\/v2\/pages\/397","targetHints":{"allow":["GET"]}}],"collection":[{"href":"https:\/\/florestasilenciosa.ambiental.media\/en\/wp-json\/wp\/v2\/pages"}],"about":[{"href":"https:\/\/florestasilenciosa.ambiental.media\/en\/wp-json\/wp\/v2\/types\/page"}],"author":[{"embeddable":true,"href":"https:\/\/florestasilenciosa.ambiental.media\/en\/wp-json\/wp\/v2\/users\/1"}],"replies":[{"embeddable":true,"href":"https:\/\/florestasilenciosa.ambiental.media\/en\/wp-json\/wp\/v2\/comments?post=397"}],"version-history":[{"count":124,"href":"https:\/\/florestasilenciosa.ambiental.media\/en\/wp-json\/wp\/v2\/pages\/397\/revisions"}],"predecessor-version":[{"id":1079,"href":"https:\/\/florestasilenciosa.ambiental.media\/en\/wp-json\/wp\/v2\/pages\/397\/revisions\/1079"}],"wp:attachment":[{"href":"https:\/\/florestasilenciosa.ambiental.media\/en\/wp-json\/wp\/v2\/media?parent=397"}],"curies":[{"name":"wp","href":"https:\/\/api.w.org\/{rel}","templated":true}]}}